{"id":139,"date":"2024-03-26T18:49:30","date_gmt":"2024-03-26T17:49:30","guid":{"rendered":"https:\/\/casadelaalquimiaaliksir.com\/?page_id=139"},"modified":"2024-08-16T10:18:05","modified_gmt":"2024-08-16T08:18:05","slug":"politica-de-privacidad","status":"publish","type":"page","link":"https:\/\/casadelaalquimiaaliksir.com\/index.php\/politica-de-privacidad\/","title":{"rendered":"Pol\u00edtica de Privacidad"},"content":{"rendered":"<p>[et_pb_section fb_built=\u00bb1&#8243; _builder_version=\u00bb4.24.2&#8243; _module_preset=\u00bbdefault\u00bb global_colors_info=\u00bb{}\u00bb][et_pb_row _builder_version=\u00bb4.24.2&#8243; _module_preset=\u00bbdefault\u00bb global_colors_info=\u00bb{}\u00bb][et_pb_column type=\u00bb4_4&#8243; _builder_version=\u00bb4.24.2&#8243; _module_preset=\u00bbdefault\u00bb global_colors_info=\u00bb{}\u00bb][et_pb_text _builder_version=\u00bb4.24.2&#8243; _module_preset=\u00bbdefault\u00bb global_colors_info=\u00bb{}\u00bb]<\/p>\n<h1 align=\"justify\"><strong><span style=\"color: #333333;\"><span style=\"font-family: Helvetica Neue, Helvetica, Arial, sans-serif;\"><span style=\"font-size: medium;\"><b>POL\u00cdTICA DE PRIVACIDAD<\/b><\/span><\/span><\/span><\/strong><\/h1>\n<p align=\"justify\"><strong><span style=\"color: #333333;\">\u00a0<\/span><\/strong><\/p>\n<p align=\"justify\" style=\"padding-left: 40px;\"><strong><span style=\"color: #333333;\"><span style=\"font-family: Helvetica Neue, Helvetica, Arial, sans-serif;\"><span style=\"font-size: medium;\"><b>1. DATOS DEL RESPONSABLE DEL TRATAMIENTO<\/b><\/span><\/span><\/span><\/strong><\/p>\n<p align=\"justify\"><span style=\"color: #333333;\"><span style=\"font-family: Helvetica Neue, Helvetica, Arial, sans-serif;\"><span style=\"font-size: medium;\">Raz\u00f3n Social: C\u00f3rdoba Siglo XII S.L.<\/span><\/span><\/span>\u00a0<span style=\"color: #333333;\"><span style=\"font-family: Helvetica Neue, Helvetica, Arial, sans-serif;\"><span style=\"font-size: medium;\">(en adelante, la \u201cEmpresa\u201d o el \u201cResponsable\u201d).<\/span><\/span><\/span><\/p>\n<p align=\"justify\"><span style=\"color: #333333;\"><span style=\"font-family: Helvetica Neue, Helvetica, Arial, sans-serif;\"><span style=\"font-size: medium;\">CIF: B14430086<\/span><\/span><\/span><\/p>\n<p align=\"justify\"><span style=\"color: #333333;\"><span style=\"font-family: Helvetica Neue, Helvetica, Arial, sans-serif;\"><span style=\"font-size: medium;\">Domicilio: <\/span><\/span><\/span><span style=\"color: #212529;\"><span style=\"font-family: Nunito, sans-serif;\"><span style=\"font-size: medium;\">C. Jud\u00edos, 14,<\/span><\/span><\/span> <span style=\"color: #333333;\"><span style=\"font-family: Helvetica Neue, Helvetica, Arial, sans-serif;\"><span style=\"font-size: medium;\">, 14004<\/span><\/span><\/span><span style=\"color: #333333;\"> <\/span><span style=\"color: #333333;\"><span style=\"font-family: Helvetica Neue, Helvetica, Arial, sans-serif;\"><span style=\"font-size: medium;\">&#8211; (CORDOBA).<\/span><\/span><\/span><\/p>\n<p align=\"justify\"><span style=\"color: #333333;\"><span style=\"font-family: Helvetica Neue, Helvetica, Arial, sans-serif;\"><span style=\"font-size: medium;\">Email para comunicaciones en materia de Protecci\u00f3n de datos: contacto@casadelaalquimialiksir.com<\/span><\/span><\/span><\/p>\n<ul>\n<li>\n<p align=\"justify\"><strong><span style=\"color: #333333;\"><span style=\"font-family: Helvetica Neue, Helvetica, Arial, sans-serif;\"><span style=\"font-size: medium;\"><b>Normativa aplicable<\/b><\/span><\/span><\/span><\/strong><\/p>\n<\/li>\n<\/ul>\n<p align=\"justify\"><span style=\"color: #333333;\"><span style=\"font-family: Helvetica Neue, Helvetica, Arial, sans-serif;\"><span style=\"font-size: medium;\">Nuestra Pol\u00edtica de Privacidad se ha dise\u00f1ado de acuerdo con el Reglamento General de Protecci\u00f3n de Datos de la UE 2016\/679 del Parlamento Europeo y del Consejo, de 27 de abril de 2016, relativo a la protecci\u00f3n de las personas f\u00edsicas en lo que respecta al tratamiento de datos personales y a la libre circulaci\u00f3n de estos datos y por el que se deroga la Directiva 95\/46\/CE (Reglamento general de protecci\u00f3n de datos), y en lo que no contradiga el mencionado Reglamento, por lo dispuesto en el marco legislativo espa\u00f1ol en materia de Protecci\u00f3n de Datos de Car\u00e1cter Personal..\u00a0<\/span><\/span><\/span><\/p>\n<p align=\"justify\"><span style=\"color: #333333;\"><span style=\"font-family: Helvetica Neue, Helvetica, Arial, sans-serif;\"><span style=\"font-size: medium;\">Al facilitarnos sus datos, Usted declara haber le\u00eddo y conocer la presente Pol\u00edtica de Privacidad, prestando su consentimiento inequ\u00edvoco y expreso al tratamiento de sus datos personales de acuerdo a las finalidades y t\u00e9rminos aqu\u00ed expresados.<\/span><\/span><\/span><\/p>\n<p align=\"justify\"><span style=\"color: #333333;\"><span style=\"font-family: Helvetica Neue, Helvetica, Arial, sans-serif;\"><span style=\"font-size: medium;\">La Empresa podr\u00e1 modificar la presente Pol\u00edtica de Privacidad para adaptarla a las novedades legislativas, jurisprudenciales o de interpretaci\u00f3n de la Agencia Espa\u00f1ola de Protecci\u00f3n de Datos. Estas condiciones de privacidad podr\u00e1n ser complementadas por el Aviso Legal, Pol\u00edtica de Cookies y las Condiciones Generales que, en su caso, se recojan para determinados productos o servicios, si dicho acceso supone alguna especialidad en materia de protecci\u00f3n de datos de car\u00e1cter personal..<\/span><\/span><\/span><\/p>\n<p align=\"justify\" style=\"padding-left: 40px;\"><strong><span style=\"color: #333333;\"><span style=\"font-family: Helvetica Neue, Helvetica, Arial, sans-serif;\"><span style=\"font-size: medium;\"><b>2. FINALIDAD DEL TRATAMIENTO DE LOS DATOS PERSONALES<\/b><\/span><\/span><\/span><\/strong><\/p>\n<p align=\"justify\"><span style=\"color: #333333;\"><span style=\"font-family: Helvetica Neue, Helvetica, Arial, sans-serif;\"><span style=\"font-size: medium;\">El tratamiento que realizamos de sus datos personales responde a las siguientes finalidades:<\/span><\/span><\/span><\/p>\n<ul>\n<li>\n<p align=\"justify\"><span style=\"color: #333333;\"><span style=\"font-family: Helvetica Neue, Helvetica, Arial, sans-serif;\"><span style=\"font-size: medium;\">Proporcionarle informaci\u00f3n relacionada con los productos y servicios que ofrece nuestra empresa y que detallan en este web site.<\/span><\/span><\/span><\/p>\n<\/li>\n<li>\n<p align=\"justify\"><span style=\"color: #333333;\"><span style=\"font-family: Helvetica Neue, Helvetica, Arial, sans-serif;\"><span style=\"font-size: medium;\">Realizar la contrataci\u00f3n de nuestros servicios mediante la aceptaci\u00f3n del correspondiente presupuesto \/ pedido y\/o la firma de un contrato mercantil.<\/span><\/span><\/span><\/p>\n<\/li>\n<li>\n<p align=\"justify\"><span style=\"color: #333333;\"><span style=\"font-family: Helvetica Neue, Helvetica, Arial, sans-serif;\"><span style=\"font-size: medium;\">Enviarle por correo electr\u00f3nico y\/o postal las noticias y novedades acerca de nuestra entidad, as\u00ed como las actualizaciones de nuestro cat\u00e1logo de productos y servicios. Y en su caso, la suscripci\u00f3n al bolet\u00edn informativo\/de noticias.<\/span><\/span><\/span><\/p>\n<\/li>\n<\/ul>\n<ul>\n<li>\n<p align=\"justify\"><strong><span style=\"color: #333333;\"><span style=\"font-family: Helvetica Neue, Helvetica, Arial, sans-serif;\"><span style=\"font-size: medium;\"><b>Plazo de Conservaci\u00f3n de sus datos<\/b><\/span><\/span><\/span><\/strong><\/p>\n<\/li>\n<\/ul>\n<p align=\"justify\"><span style=\"color: #333333;\"><span style=\"font-family: Helvetica Neue, Helvetica, Arial, sans-serif;\"><span style=\"font-size: medium;\">Conservaremos sus datos personales desde que nos d\u00e9 su consentimiento hasta que lo revoque o bien solicite la limitaci\u00f3n del tratamiento. En tales casos, mantendremos sus datos de manera bloqueada durante los plazos legalmente exigidos.<\/span><\/span><\/span><\/p>\n<p align=\"justify\" style=\"padding-left: 40px;\"><strong><span style=\"color: #333333;\"><span style=\"font-family: Helvetica Neue, Helvetica, Arial, sans-serif;\"><span style=\"font-size: medium;\"><b>3. LEGITIMACI\u00d3N Y DATOS RECABADOS<\/b><\/span><\/span><\/span><\/strong><\/p>\n<p align=\"justify\"><span style=\"color: #333333;\"><span style=\"font-family: Helvetica Neue, Helvetica, Arial, sans-serif;\"><span style=\"font-size: medium;\">La legitimaci\u00f3n para el tratamiento de sus datos es el consentimiento expreso otorgado mediante un acto positivo y afirmativo (rellenar el formulario correspondiente y marcar la casilla de aceptaci\u00f3n de esta pol\u00edtica) en el momento de facilitarnos sus datos personales.<\/span><\/span><\/span><\/p>\n<ul>\n<li>\n<p align=\"justify\"><strong><span style=\"color: #333333;\"><span style=\"font-family: Helvetica Neue, Helvetica, Arial, sans-serif;\"><span style=\"font-size: medium;\"><b>Consentimiento para tratar sus datos<\/b><\/span><\/span><\/span><\/strong><\/p>\n<\/li>\n<\/ul>\n<p align=\"justify\"><span style=\"color: #333333;\"><span style=\"font-family: Helvetica Neue, Helvetica, Arial, sans-serif;\"><span style=\"font-size: medium;\">Al rellenar los formularios, marcar la casilla \u201cAcepto la Pol\u00edtica de Privacidad\u201d y hacer clic para enviar los datos, o al remitir correos electr\u00f3nicos a la Empresa a trav\u00e9s de las cuentas habilitadas al efecto, el Usuario manifiesta haber le\u00eddo y aceptado expresamente la presente pol\u00edtica de privacidad, y otorga su consentimiento inequ\u00edvoco y expreso al tratamiento de sus datos personales conforme a las finalidades indicadas.\u00a0<\/span><\/span><\/span><\/p>\n<p align=\"justify\"><span style=\"color: #333333;\"><span style=\"font-family: Helvetica Neue, Helvetica, Arial, sans-serif;\"><span style=\"font-size: medium;\">El Usuario certifica que es mayor de 14 a\u00f1os y que por lo tanto posee la capacidad legal necesaria para la prestaci\u00f3n del consentimiento en cuanto al tratamiento de sus datos de car\u00e1cter personal y todo ello, de conformidad con lo establecido en la presente Pol\u00edtica de Privacidad.<\/span><\/span><\/span><\/p>\n<ul>\n<li>\n<p align=\"justify\"><strong><span style=\"color: #333333;\"><span style=\"font-family: Helvetica Neue, Helvetica, Arial, sans-serif;\"><span style=\"font-size: medium;\"><b>Categor\u00edas de datos<\/b><\/span><\/span><\/span><\/strong><\/p>\n<\/li>\n<\/ul>\n<p align=\"justify\"><span style=\"color: #333333;\"><span style=\"font-family: Helvetica Neue, Helvetica, Arial, sans-serif;\"><span style=\"font-size: medium;\">Los datos que se recaban se refieren a la categor\u00eda de datos identificativos, como pueden ser: Nombre y Apellidos, Tel\u00e9fono, Direcci\u00f3n Postal, Empresa, Correo electr\u00f3nico, as\u00ed como la direcci\u00f3n IP desde donde accede al formulario de recogida de datos.<\/span><\/span><\/span><\/p>\n<p align=\"justify\" style=\"padding-left: 40px;\"><strong><span style=\"color: #333333;\"><span style=\"font-family: Helvetica Neue, Helvetica, Arial, sans-serif;\"><span style=\"font-size: medium;\"><b>4. MEDIDAS DE SEGURIDAD<\/b><\/span><\/span><\/span><\/strong><\/p>\n<p align=\"justify\"><span style=\"color: #333333;\"><span style=\"font-family: Helvetica Neue, Helvetica, Arial, sans-serif;\"><span style=\"font-size: medium;\">Dentro de nuestro compromiso por garantizar la seguridad y confidencialidad de sus datos de car\u00e1cter personal, le informamos que se han adoptado las medidas de \u00edndole t\u00e9cnica y organizativas necesarias para garantizar la seguridad de los datos de car\u00e1cter personal y evitar su alteraci\u00f3n, p\u00e9rdida, tratamiento o acceso no autorizado, habida cuenta del estado de la tecnolog\u00eda, la naturaleza de los datos almacenados y los riesgos a que est\u00e9n expuestos, seg\u00fan el Art. 32 del RGPD EU 679\/2016.<\/span><\/span><\/span><\/p>\n<p align=\"justify\" style=\"padding-left: 40px;\"><strong><span style=\"color: #333333;\"><span style=\"font-family: Helvetica Neue, Helvetica, Arial, sans-serif;\"><span style=\"font-size: medium;\"><b>5. CESI\u00d3N DE DATOS<\/b><\/span><\/span><\/span><\/strong><\/p>\n<p align=\"justify\"><span style=\"color: #333333;\"><span style=\"font-family: Helvetica Neue, Helvetica, Arial, sans-serif;\"><span style=\"font-size: medium;\">No se prev\u00e9n cesiones de datos ni transferencias internacionales de sus datos, a excepci\u00f3n de las autorizadas por la legislaci\u00f3n fiscal, mercantil y de telecomunicaciones as\u00ed como en aquellos casos en los que una autoridad judicial nos lo requiera.<\/span><\/span><\/span><\/p>\n<p align=\"justify\" style=\"padding-left: 40px;\"><strong><span style=\"color: #333333;\"><span style=\"font-family: Helvetica Neue, Helvetica, Arial, sans-serif;\"><span style=\"font-size: medium;\"><b>6. DERECHOS DEL USUARIO<\/b><\/span><\/span><\/span><\/strong><\/p>\n<p align=\"justify\"><span style=\"color: #333333;\"><span style=\"font-family: Helvetica Neue, Helvetica, Arial, sans-serif;\"><span style=\"font-size: medium;\">Cualquier interesado tiene derecho a obtener confirmaci\u00f3n sobre si estamos tratando datos personales que le conciernan, o no. Las personas interesadas tienen derecho a acceder a sus datos personales, as\u00ed como a solicitar la rectificaci\u00f3n de los datos inexactos o, en su caso, solicitar su supresi\u00f3n cuando, entre otros motivos, los datos ya no sean necesarios para los fines que fueron recogidos. En determinadas circunstancias, los interesados podr\u00e1n solicitar la limitaci\u00f3n del tratamiento de sus datos, en cuyo caso \u00fanicamente los conservaremos para el ejercicio o la defensa de reclamaciones. Por motivos relacionados con su situaci\u00f3n particular, los interesados podr\u00e1n oponerse al tratamiento de sus datos. El Responsable del tratamiento dejar\u00e1 de tratar los datos, salvo por motivos leg\u00edtimos imperiosos, o el ejercicio o la defensa de posibles reclamaciones.<\/span><\/span><\/span><\/p>\n<ul>\n<li>\n<p align=\"justify\"><strong><span style=\"color: #333333;\"><span style=\"font-family: Helvetica Neue, Helvetica, Arial, sans-serif;\"><span style=\"font-size: medium;\"><b>\u00bfC\u00f3mo ejercitar mis derechos?<\/b><\/span><\/span><\/span><\/strong><\/p>\n<\/li>\n<\/ul>\n<p align=\"justify\"><span style=\"color: #333333;\"><span style=\"font-family: Helvetica Neue, Helvetica, Arial, sans-serif;\"><span style=\"font-size: medium;\">Para ejercer sus derechos, podr\u00e1 dirigir un escrito C\/ Judios, 14 C.P.: 14004<\/span><\/span><\/span><span style=\"color: #333333;\"> <\/span><span style=\"color: #333333;\"><span style=\"font-family: Helvetica Neue, Helvetica, Arial, sans-serif;\"><span style=\"font-size: medium;\">&#8211; (CORDOBA) o tambi\u00e9n puede enviar un email al Responsable, o en su caso, al Delegado de Protecci\u00f3n de Datos a\u00a0<\/span><\/span><\/span><span style=\"color: #212529;\"><span style=\"font-family: Nunito, sans-serif;\"><span style=\"font-size: medium;\">contacto@casadelaalquimialiksir.com<\/span><\/span><\/span><span style=\"color: #333333;\">\u00a0<\/span><span style=\"color: #333333;\"><span style=\"font-family: Helvetica Neue, Helvetica, Arial, sans-serif;\"><span style=\"font-size: medium;\">solicitando el correspondiente formulario para el ejercicio del derecho elegido. Opcionalmente, puede acudir a la Autoridad de Control competente para obtener informaci\u00f3n adicional acerca de sus derechos. Recuerde acompa\u00f1ar una copia de un documento que nos permita identificarle<\/span><\/span><\/span><\/p>\n<p>[\/et_pb_text][\/et_pb_column][\/et_pb_row][\/et_pb_section]<\/p>\n","protected":false},"excerpt":{"rendered":"<p>POL\u00cdTICA DE PRIVACIDAD \u00a0 1. DATOS DEL RESPONSABLE DEL TRATAMIENTO Raz\u00f3n Social: C\u00f3rdoba Siglo XII S.L.\u00a0(en adelante, la \u201cEmpresa\u201d o el \u201cResponsable\u201d). CIF: B14430086 Domicilio: C. Jud\u00edos, 14, , 14004 &#8211; (CORDOBA). Email para comunicaciones en materia de Protecci\u00f3n de datos: contacto@casadelaalquimialiksir.com Normativa aplicable Nuestra Pol\u00edtica de Privacidad se ha dise\u00f1ado de acuerdo con el [&hellip;]<\/p>\n","protected":false},"author":2,"featured_media":0,"parent":0,"menu_order":0,"comment_status":"closed","ping_status":"closed","template":"","meta":{"_et_pb_use_builder":"on","_et_pb_old_content":"","_et_gb_content_width":"","footnotes":""},"class_list":["post-139","page","type-page","status-publish","hentry"],"_links":{"self":[{"href":"https:\/\/casadelaalquimiaaliksir.com\/index.php\/wp-json\/wp\/v2\/pages\/139","targetHints":{"allow":["GET"]}}],"collection":[{"href":"https:\/\/casadelaalquimiaaliksir.com\/index.php\/wp-json\/wp\/v2\/pages"}],"about":[{"href":"https:\/\/casadelaalquimiaaliksir.com\/index.php\/wp-json\/wp\/v2\/types\/page"}],"author":[{"embeddable":true,"href":"https:\/\/casadelaalquimiaaliksir.com\/index.php\/wp-json\/wp\/v2\/users\/2"}],"replies":[{"embeddable":true,"href":"https:\/\/casadelaalquimiaaliksir.com\/index.php\/wp-json\/wp\/v2\/comments?post=139"}],"version-history":[{"count":4,"href":"https:\/\/casadelaalquimiaaliksir.com\/index.php\/wp-json\/wp\/v2\/pages\/139\/revisions"}],"predecessor-version":[{"id":570,"href":"https:\/\/casadelaalquimiaaliksir.com\/index.php\/wp-json\/wp\/v2\/pages\/139\/revisions\/570"}],"wp:attachment":[{"href":"https:\/\/casadelaalquimiaaliksir.com\/index.php\/wp-json\/wp\/v2\/media?parent=139"}],"curies":[{"name":"wp","href":"https:\/\/api.w.org\/{rel}","templated":true}]}}